{"id":3599,"date":"2022-01-27T22:18:13","date_gmt":"2022-01-27T21:18:13","guid":{"rendered":"https:\/\/photographic.pl\/?post_type=modula-gallery&#038;p=3599"},"modified":"2022-02-02T17:39:25","modified_gmt":"2022-02-02T16:39:25","slug":"travel","status":"publish","type":"modula-gallery","link":"https:\/\/photographic.pl\/en\/portfolio\/travel\/","title":{"rendered":"Fotografia podr\u00f3\u017cnicza"},"template":"","meta":{"site-sidebar-layout":"default","site-content-layout":"default","ast-site-content-layout":"default","site-content-style":"default","site-sidebar-style":"default","ast-global-header-display":"","ast-banner-title-visibility":"","ast-main-header-display":"","ast-hfb-above-header-display":"","ast-hfb-below-header-display":"","ast-hfb-mobile-header-display":"","site-post-title":"","ast-breadcrumbs-content":"","ast-featured-img":"","footer-sml-layout":"","ast-disable-related-posts":"","theme-transparent-header-meta":"","adv-header-id-meta":"","stick-header-meta":"","header-above-stick-meta":"","header-main-stick-meta":"","header-below-stick-meta":"","astra-migrate-meta-layouts":"default","ast-page-background-enabled":"default","ast-page-background-meta":{"desktop":{"background-color":"","background-image":"","background-repeat":"repeat","background-position":"center center","background-size":"auto","background-attachment":"scroll","background-type":"","background-media":"","overlay-type":"","overlay-color":"","overlay-opacity":"","overlay-gradient":""},"tablet":{"background-color":"","background-image":"","background-repeat":"repeat","background-position":"center center","background-size":"auto","background-attachment":"scroll","background-type":"","background-media":"","overlay-type":"","overlay-color":"","overlay-opacity":"","overlay-gradient":""},"mobile":{"background-color":"","background-image":"","background-repeat":"repeat","background-position":"center center","background-size":"auto","background-attachment":"scroll","background-type":"","background-media":"","overlay-type":"","overlay-color":"","overlay-opacity":"","overlay-gradient":""}},"ast-content-background-meta":{"desktop":{"background-color":"var(--ast-global-color-5)","background-image":"","background-repeat":"repeat","background-position":"center center","background-size":"auto","background-attachment":"scroll","background-type":"","background-media":"","overlay-type":"","overlay-color":"","overlay-opacity":"","overlay-gradient":""},"tablet":{"background-color":"var(--ast-global-color-5)","background-image":"","background-repeat":"repeat","background-position":"center center","background-size":"auto","background-attachment":"scroll","background-type":"","background-media":"","overlay-type":"","overlay-color":"","overlay-opacity":"","overlay-gradient":""},"mobile":{"background-color":"var(--ast-global-color-5)","background-image":"","background-repeat":"repeat","background-position":"center center","background-size":"auto","background-attachment":"scroll","background-type":"","background-media":"","overlay-type":"","overlay-color":"","overlay-opacity":"","overlay-gradient":""}}},"class_list":["post-3599","modula-gallery","type-modula-gallery","status-publish","hentry"],"modulaSettings":{"type":"grid","width":"100%","height":18000,"randomFactor":50,"lightbox":"fancybox","show_navigation":"1","shuffle":"1","titleColor":"","captionColor":"#ffffff","hide_title":"1","hide_description":"1","captionFontSize":14,"titleFontSize":0,"mobileCaptionFontSize":"10","mobileTitleFontSize":"12","enableSocial":"0","enableFacebook":"0","enableLinkedin":"0","enablePinterest":"0","enableTwitter":"0","enableWhatsapp":"0","enableEmail":"0","emailSubject":"Check out this awesome image !!","emailMessage":"Here is the link to the image : %%image_link%% and this is the link to the gallery : %%gallery_link%%","filterClick":"0","socialIconColor":"#ffffff","socialIconSize":16,"socialIconPadding":10,"loadedScale":100,"inView":"0","cursor":"zoom-in","effect":"julia","borderColor":"#ffffff","borderRadius":0,"borderSize":0,"shadowColor":"#ffffff","shadowSize":0,"script":"","style":"","columns":6,"gutter":"10","mobile_gutter":"10","tablet_gutter":"10","helpergrid":0,"lazy_load":"1","grid_type":"automatic","grid_image_size":"2048x2048","grid_image_crop":"0","grid_image_dimensions":{"width":"","height":""},"img_size":"200","grid_row_height":"350","grid_justify_last_row":"justify","enable_responsive":"0","powered_by":"0","last_visited_tab":"modula-hover-effect","slider_adaptiveHeight":"0","slider_image_size":"thumbnail","slider_image_dimensions":{"width":0,"height":0},"slider_image_height":"800","slider_syncing":"0","slider_syncing_nav_size":"thumbnail","slider_syncing_nav_thumbnails_number":"2","slider_syncing_nav_thumbnails_gutter":"10","slider_syncing_nav_thumbnails_border_color":"#000000","slider_autoplay":"0","slider_autoplaySpeed":"3000","slider_arrows":"1","slider_centerMode":"0","slider_centerPadding":"50px","slider_dots":"0","slider_draggable":"1","slider_fade":"0","slider_infinite":"1","slider_pauseOnHover":"0","slider_slidesToShow":"1","slider_slidesToScroll":"1","slider_initialSlide":"","slider_speed":"300","slider_rtl":"0","slider_image_crop":"0","slider_tablet_slides":"1","slider_tablet_scrolls":"1","slider_mobile_slides":"1","slider_mobile_scrolls":"1","slider_lightbox":"no-link","slider_syncing_nav_image_dimensions":{"width":"","height":""},"slider_syncing_nav_image_crop":"0","slider_image_info":"0","enable-optimization":"default","thumbnail_optimization":"default","lightbox_optimization":"default","enable_optimization":"default","maxImagesCount":"","maxImagesCount_mobile":"","showAllOnLightbox":"0","filters":["Maroko","Santorini","Islandia","Grenlandia","Toskania","Portugalia","Szkocja","Tajlandia","Laos","Kambod\u017ca","Norwegia","Grecja","Gruzja","Armenia","Jordania","Morawy","Namibia","Etiopia","Ludzie"],"allFilterLabel":"Wszystkie","dropdownFilters":"0","loadedRotate":"0","loadedHSlide":"0","loadedVSlide":"0","hoverColor":"#ffffff","uploadCursor":"0","hoverOpacity":"0","hideAllFilter":"0","enableCollapsibleFilters":"0","enableMobileDropdownFilters":"0","filterPositioning":"top","filterTextAlignment":"none","defaultActiveFilter":"All","filterLinkColor":"","filterLinkHoverColor":"","filterStyle":"default","showTitleLightbox":"0","showCaptionLightbox":"1","captionPosition":"center","show_gallery_title":"0","gallery_title_type":"p","titleFontFamily":"Default","titleFontWeight":"400","captionsFontFamily":"Default","captionFontWeight":"normal","collapsibleActionText":"Filter by","open_Lightbox_on":"both","loop_lightbox":"0","doubleClick":"0","lightbox_bottomThumbs":"0","caption_overlap":"0","mobile_caption_overlap":"0","mobile_caption_copy":"1","lightbox_background_color":"rgba(30,30,30,.9)","lightbox_active_colors":"","lightbox_keyboard":"1","lightbox_wheel":"0","lightbox_toolbar":"1","lightbox_close":"1","lightbox_download":"0","lightbox_thumbs":"0","lightbox_zoom":"0","lightbox_share":"0","lightbox_facebook":"0","lightbox_twitter":"0","lightbox_whatsapp":"0","lightbox_pinterest":"0","lightbox_linkedin":"0","lightbox_email":"0","lightboxEmailSubject":"Check out this awesome image !!","lightboxEmailMessage":"Here is the link to the image : %%image_link%% and this is the link to the gallery : %%gallery_link%%","lightbox_infobar":"1","lightbox_dblclickSlide":"0","lightbox_clickSlide":"0","lightbox_animationEffect":"false","lightbox_animationDuration":"366","lightbox_transitionEffect":"false","lightbox_transitionDuration":"366","lightbox_touch":"0","lightbox_thumbsAutoStart":"0","lightbox_thumbsAxis":"y","enable_slideshow":"0","enable_autoplay":"0","pause_on_hover":"0","slideshow_speed":"5000","protection":"1","img_crop":"1","modula_speed_help":"","tablet_columns":"2","mobile_columns":"1","helper-message":""},"modulaImages":[{"id":"3334","alt":"fotografia podr\u00f3\u017cnicza Maroko","title":"Kobiety Marakeszu","description":"Maroko 2015","halign":"center","valign":"middle","link":"","target":0,"width":2,"height":2,"filters":"Maroko","url":"https:\/\/photographic.pl\/wp-content\/uploads\/2021\/09\/DSC1428.jpg","caption":"Maroko 2015","report":"","src":"https:\/\/photographic.pl\/wp-content\/uploads\/2021\/09\/DSC1428-1024x768.jpg","data-width":2,"data-height":2},{"id":"3335","alt":"fotografia podr\u00f3\u017cnicza Maroko Marakesz","title":"Na targu w Marakeszu","description":"Maroko 2015","halign":"center","valign":"middle","link":"","target":0,"width":2,"height":2,"filters":"Ludzie,Maroko","url":"https:\/\/photographic.pl\/wp-content\/uploads\/2021\/09\/DSC1169.jpg","caption":"Maroko 2015","report":"","src":"https:\/\/photographic.pl\/wp-content\/uploads\/2021\/09\/DSC1169-819x1024.jpg","data-width":2,"data-height":2},{"id":"3336","alt":"fotografia podr\u00f3\u017cnicza Maroko Akt Bin Haddu","title":"Ajt Bin Haddu","description":"Maroko 2015","halign":"center","valign":"middle","link":"","target":0,"width":2,"height":2,"filters":"Maroko","url":"https:\/\/photographic.pl\/wp-content\/uploads\/2021\/09\/DSC0797-1.jpg","caption":"Maroko 2015","report":"","src":"https:\/\/photographic.pl\/wp-content\/uploads\/2021\/09\/DSC0797-1-1024x576.jpg","data-width":2,"data-height":2},{"id":"3337","alt":"fotografia podr\u00f3\u017cnicza Maroko ludzie","title":"Opowie\u015b\u0107 Barbera","description":"Maroko 2015","halign":"center","valign":"middle","link":"","target":0,"width":2,"height":2,"filters":"Ludzie,Maroko","url":"https:\/\/photographic.pl\/wp-content\/uploads\/2021\/09\/DSC0256.jpg","caption":"Maroko 2015","report":"","src":"https:\/\/photographic.pl\/wp-content\/uploads\/2021\/09\/DSC0256-1024x1024.jpg","data-width":2,"data-height":2},{"id":"3338","alt":"fotografia podr\u00f3\u017cnicza Maroko pustynia gwiazdy","title":"Gwiazdy na pustyni Merzouga","description":"Maroko 2015","halign":"center","valign":"middle","link":"","target":0,"width":2,"height":2,"filters":"Maroko","url":"https:\/\/photographic.pl\/wp-content\/uploads\/2021\/09\/9828_9950.jpg","caption":"Maroko 2015","report":"","src":"https:\/\/photographic.pl\/wp-content\/uploads\/2021\/09\/9828_9950-1024x768.jpg","data-width":2,"data-height":2},{"id":"3339","alt":"fotografia podr\u00f3\u017cnicza Maroko pustynia gwiazdy","title":"Droga Mleczna na pustyni Merzouga","description":"Maroko 2015","halign":"center","valign":"middle","link":"","target":0,"width":2,"height":2,"filters":"Maroko","url":"https:\/\/photographic.pl\/wp-content\/uploads\/2021\/09\/DSC9950.jpg","caption":"Maroko 2015","report":"","src":"https:\/\/photographic.pl\/wp-content\/uploads\/2021\/09\/DSC9950-1024x768.jpg","data-width":2,"data-height":2},{"id":"3340","alt":"fotografia podr\u00f3\u017cnicza Maroko pustynia","title":"Wydmy na pustyni Merzouga","description":"Maroko 2015","halign":"center","valign":"middle","link":"","target":0,"width":2,"height":2,"filters":"Maroko","url":"https:\/\/photographic.pl\/wp-content\/uploads\/2021\/09\/DSC9633.jpg","caption":"Maroko 2015","report":"","src":"https:\/\/photographic.pl\/wp-content\/uploads\/2021\/09\/DSC9633-1024x684.jpg","data-width":2,"data-height":2},{"id":"3341","alt":"fotografia podr\u00f3\u017cnicza Maroko pustynia","title":"Wydmy na pustyni Merzouga","description":"Maroko 2015","halign":"center","valign":"middle","link":"","target":0,"width":2,"height":2,"filters":"Maroko","url":"https:\/\/photographic.pl\/wp-content\/uploads\/2021\/09\/DSC9477.jpg","caption":"Maroko 2015","report":"","src":"https:\/\/photographic.pl\/wp-content\/uploads\/2021\/09\/DSC9477-1024x768.jpg","data-width":2,"data-height":2},{"id":"3342","alt":"fotografia podr\u00f3\u017cnicza Maroko","title":"Pustynia&#8230;","description":"Maroko 2015","halign":"center","valign":"middle","link":"","target":0,"width":2,"height":2,"filters":"Maroko","url":"https:\/\/photographic.pl\/wp-content\/uploads\/2021\/09\/DSC9342-1.jpg","caption":"Maroko 2015","report":"","src":"https:\/\/photographic.pl\/wp-content\/uploads\/2021\/09\/DSC9342-1-1024x768.jpg","data-width":2,"data-height":2},{"id":"3343","alt":"fotografia podr\u00f3\u017cnicza Maroko ludzie","title":"Portret","description":"Maroko 2015","halign":"center","valign":"middle","link":"","target":0,"width":2,"height":2,"filters":"Ludzie,Maroko","url":"https:\/\/photographic.pl\/wp-content\/uploads\/2021\/09\/DSC8858-1.jpg","caption":"Maroko 2015","report":"","src":"https:\/\/photographic.pl\/wp-content\/uploads\/2021\/09\/DSC8858-1-819x1024.jpg","data-width":2,"data-height":2},{"id":"3344","alt":"fotografia podr\u00f3\u017cnicza Maroko ludzie","title":"Portret dziewczynki","description":"Maroko 2015","halign":"center","valign":"middle","link":"","target":0,"width":2,"height":2,"filters":"Ludzie,Maroko","url":"https:\/\/photographic.pl\/wp-content\/uploads\/2021\/09\/DSC8754.jpg","caption":"Maroko 2015","report":"","src":"https:\/\/photographic.pl\/wp-content\/uploads\/2021\/09\/DSC8754-819x1024.jpg","data-width":2,"data-height":2},{"id":"3345","alt":"fotografia podr\u00f3\u017cnicza Maroko ludzie","title":"Portret uliczny","description":"Maroko 2015","halign":"center","valign":"middle","link":"","target":0,"width":2,"height":2,"filters":"Ludzie,Maroko","url":"https:\/\/photographic.pl\/wp-content\/uploads\/2021\/09\/DSC8507.jpg","caption":"Maroko 2015","report":"","src":"https:\/\/photographic.pl\/wp-content\/uploads\/2021\/09\/DSC8507-819x1024.jpg","data-width":2,"data-height":2},{"id":"3346","alt":"fotografia podr\u00f3\u017cnicza Maroko ludzie","title":"Portret weso\u0142ka","description":"Maroko 2015","halign":"center","valign":"middle","link":"","target":0,"width":2,"height":2,"filters":"Ludzie,Maroko","url":"https:\/\/photographic.pl\/wp-content\/uploads\/2021\/09\/DSC8273.jpg","caption":"Maroko 2015","report":"","src":"https:\/\/photographic.pl\/wp-content\/uploads\/2021\/09\/DSC8273-819x1024.jpg","data-width":2,"data-height":2},{"id":"3347","alt":"fotografia podr\u00f3\u017cnicza Maroko","title":"Koty z Chefchaouen","description":"Maroko 2015","halign":"center","valign":"middle","link":"","target":0,"width":2,"height":2,"filters":"Maroko","url":"https:\/\/photographic.pl\/wp-content\/uploads\/2021\/09\/DSC8142.jpg","caption":"Maroko 2015","report":"","src":"https:\/\/photographic.pl\/wp-content\/uploads\/2021\/09\/DSC8142-819x1024.jpg","data-width":2,"data-height":2},{"id":"3348","alt":"fotografia podr\u00f3\u017cnicza Maroko","title":"Chefchaouen","description":"Maroko 2015","halign":"center","valign":"middle","link":"","target":0,"width":2,"height":2,"filters":"Maroko","url":"https:\/\/photographic.pl\/wp-content\/uploads\/2021\/09\/DSC8103.jpg","caption":"Maroko 2015","report":"","src":"https:\/\/photographic.pl\/wp-content\/uploads\/2021\/09\/DSC8103-819x1024.jpg","data-width":2,"data-height":2},{"id":"3349","alt":"fotografia podr\u00f3\u017cnicza Maroko","title":"Chefchaouen","description":"Maroko 2015","halign":"center","valign":"middle","link":"","target":0,"width":2,"height":2,"filters":"Maroko","url":"https:\/\/photographic.pl\/wp-content\/uploads\/2021\/09\/DSC8083.jpg","caption":"Maroko 2015","report":"","src":"https:\/\/photographic.pl\/wp-content\/uploads\/2021\/09\/DSC8083-819x1024.jpg","data-width":2,"data-height":2},{"id":"3350","alt":"fotografia podr\u00f3\u017cnicza Maroko","title":"Chefchaouen","description":"Maroko 2015","halign":"center","valign":"middle","link":"","target":0,"width":2,"height":2,"filters":"Maroko","url":"https:\/\/photographic.pl\/wp-content\/uploads\/2021\/09\/DSC8050.jpg","caption":"Maroko 2015","report":"","src":"https:\/\/photographic.pl\/wp-content\/uploads\/2021\/09\/DSC8050-819x1024.jpg","data-width":2,"data-height":2},{"id":"3352","alt":"fotografia krajobrazowa wsch\u00f3d s\u0142o\u0144ca Santorini","title":"Czarna pla\u017ca","description":"Santorini 2016","halign":"center","valign":"middle","link":"","target":0,"width":2,"height":2,"filters":"Santorini","url":"https:\/\/photographic.pl\/wp-content\/uploads\/2021\/09\/DSC_1677-1.jpg","caption":"Santorini 2016","report":"","src":"https:\/\/photographic.pl\/wp-content\/uploads\/2021\/09\/DSC_1677-1-1024x768.jpg","data-width":2,"data-height":2},{"id":"3353","alt":"fotografia krajobrazowa zach\u00f3d s\u0142o\u0144ca Santorini","title":"Zach\u00f3d s\u0142o\u0144ca","description":"Santorini 2016","halign":"center","valign":"middle","link":"","target":0,"width":2,"height":2,"filters":"Santorini","url":"https:\/\/photographic.pl\/wp-content\/uploads\/2021\/09\/DSC_2367.jpg","caption":"Santorini 2016","report":"","src":"https:\/\/photographic.pl\/wp-content\/uploads\/2021\/09\/DSC_2367-819x1024.jpg","data-width":2,"data-height":2},{"id":"3354","alt":"fotografia krajobrazowa zach\u00f3d s\u0142o\u0144ca Santorini","title":"Zach\u00f3d s\u0142o\u0144ca","description":"Santorini 2016","halign":"center","valign":"middle","link":"","target":0,"width":2,"height":2,"filters":"Santorini","url":"https:\/\/photographic.pl\/wp-content\/uploads\/2021\/09\/DSC_2365.jpg","caption":"Santorini 2016","report":"","src":"https:\/\/photographic.pl\/wp-content\/uploads\/2021\/09\/DSC_2365-1024x768.jpg","data-width":2,"data-height":2},{"id":"3355","alt":"fotografia krajobrazowa wsch\u00f3d s\u0142o\u0144ca Santorini","title":"Czarna pla\u017ca","description":"Santorini 2016","halign":"center","valign":"middle","link":"","target":0,"width":2,"height":2,"filters":"Santorini","url":"https:\/\/photographic.pl\/wp-content\/uploads\/2021\/09\/DSC_1690.jpg","caption":"Santorini 2016","report":"","src":"https:\/\/photographic.pl\/wp-content\/uploads\/2021\/09\/DSC_1690-1024x768.jpg","data-width":2,"data-height":2},{"id":"3356","alt":"fotografia krajobrazowa wsch\u00f3d s\u0142o\u0144ca Santorini","title":"Czarna pla\u017ca","description":"Santorini 2016","halign":"center","valign":"middle","link":"","target":0,"width":2,"height":2,"filters":"Santorini","url":"https:\/\/photographic.pl\/wp-content\/uploads\/2021\/09\/DSC_1678.jpg","caption":"Santorini 2016","report":"","src":"https:\/\/photographic.pl\/wp-content\/uploads\/2021\/09\/DSC_1678-1024x768.jpg","data-width":2,"data-height":2},{"id":"3362","alt":"fotografia krajobrazowa Islandia","title":"Maskonur","description":"Islandia 2016","halign":"center","valign":"middle","link":"","target":0,"width":2,"height":2,"filters":"Islandia","url":"https:\/\/photographic.pl\/wp-content\/uploads\/2021\/09\/DSC_3337.jpg","caption":"Islandia 2016","report":"","src":"https:\/\/photographic.pl\/wp-content\/uploads\/2021\/09\/DSC_3337-1024x768.jpg","data-width":2,"data-height":2},{"id":"3363","alt":"fotografia krajobrazowa Grenlandia","title":"Ilulissat &#8211; wsch\u00f3d s\u0142o\u0144ca","description":"Grenlandia 2016","halign":"center","valign":"middle","link":"","target":0,"width":2,"height":2,"filters":"Grenlandia","url":"https:\/\/photographic.pl\/wp-content\/uploads\/2021\/09\/DSC_1835.jpg","caption":"Grenlandia 2016","report":"","src":"https:\/\/photographic.pl\/wp-content\/uploads\/2021\/09\/DSC_1835-1024x661.jpg","data-width":2,"data-height":2},{"id":"3364","alt":"fotografia krajobrazowa Grenlandia","title":"R\u00f3\u017cowy poranek","description":"Grenlandia 2016","halign":"center","valign":"middle","link":"","target":0,"width":2,"height":2,"filters":"Grenlandia","url":"https:\/\/photographic.pl\/wp-content\/uploads\/2021\/09\/DSC_1808.jpg","caption":"Grenlandia 2016","report":"","src":"https:\/\/photographic.pl\/wp-content\/uploads\/2021\/09\/DSC_1808-1024x762.jpg","data-width":2,"data-height":2},{"id":"3365","alt":"fotografia krajobrazowa Grenlandia","title":"G\u00f3ra lodowa","description":"Grenlandia 2016","halign":"center","valign":"middle","link":"","target":0,"width":2,"height":2,"filters":"Grenlandia","url":"https:\/\/photographic.pl\/wp-content\/uploads\/2021\/09\/DSC_1944.jpg","caption":"Grenlandia 2016","report":"","src":"https:\/\/photographic.pl\/wp-content\/uploads\/2021\/09\/DSC_1944-1024x595.jpg","data-width":2,"data-height":2},{"id":"3366","alt":"fotografia krajobrazowa Grenlandia","title":"Kolory wyspy Disko","description":"Grenlandia 2016","halign":"center","valign":"middle","link":"","target":0,"width":2,"height":2,"filters":"Grenlandia","url":"https:\/\/photographic.pl\/wp-content\/uploads\/2021\/09\/DSC_1728.jpg","caption":"Grenlandia 2016","report":"","src":"https:\/\/photographic.pl\/wp-content\/uploads\/2021\/09\/DSC_1728-1024x684.jpg","data-width":2,"data-height":2},{"id":"3367","alt":"fotografia krajobrazowa Grenlandia","title":"Kolory wyspy Disko","description":"Grenlandia 2016","halign":"center","valign":"middle","link":"","target":0,"width":2,"height":2,"filters":"Grenlandia","url":"https:\/\/photographic.pl\/wp-content\/uploads\/2021\/09\/DSC_1706.jpg","caption":"Grenlandia 2016","report":"","src":"https:\/\/photographic.pl\/wp-content\/uploads\/2021\/09\/DSC_1706-1024x768.jpg","data-width":2,"data-height":2},{"id":"3368","alt":"fotografia krajobrazowa Grenlandia","title":"Wyspa Disko","description":"Grenlandia 2016","halign":"center","valign":"middle","link":"","target":0,"width":2,"height":2,"filters":"Grenlandia","url":"https:\/\/photographic.pl\/wp-content\/uploads\/2021\/09\/DSC_1688.jpg","caption":"Grenlandia 2016","report":"","src":"https:\/\/photographic.pl\/wp-content\/uploads\/2021\/09\/DSC_1688-1024x586.jpg","data-width":2,"data-height":2},{"id":"3369","alt":"fotografia krajobrazowa Grenlandia","title":"Football","description":"Grenlandia 2016","halign":"center","valign":"middle","link":"","target":0,"width":2,"height":2,"filters":"Grenlandia","url":"https:\/\/photographic.pl\/wp-content\/uploads\/2021\/09\/DSC_1686.jpg","caption":"Grenlandia 2016","report":"","src":"https:\/\/photographic.pl\/wp-content\/uploads\/2021\/09\/DSC_1686-1024x576.jpg","data-width":2,"data-height":2},{"id":"3370","alt":"fotografia krajobrazowa Grenlandia","title":"Zorza nad Ilulissat","description":"Grenlandia 2016","halign":"center","valign":"middle","link":"","target":0,"width":2,"height":2,"filters":"Grenlandia","url":"https:\/\/photographic.pl\/wp-content\/uploads\/2021\/09\/DSC_1465.jpg","caption":"Grenlandia 2016","report":"","src":"https:\/\/photographic.pl\/wp-content\/uploads\/2021\/09\/DSC_1465-1024x684.jpg","data-width":2,"data-height":2},{"id":"3371","alt":"fotografia krajobrazowa Grenlandia","title":"P\u0142etwa rekina","description":"Grenlandia 2016","halign":"center","valign":"middle","link":"","target":0,"width":2,"height":2,"filters":"Grenlandia","url":"https:\/\/photographic.pl\/wp-content\/uploads\/2021\/09\/DSC_0965.jpg","caption":"Grenlandia 2016","report":"","src":"https:\/\/photographic.pl\/wp-content\/uploads\/2021\/09\/DSC_0965-1024x684.jpg","data-width":2,"data-height":2},{"id":"3372","alt":"fotografia krajobrazowa Grenlandia","title":"\u015aciana","description":"Grenlandia 2016","halign":"center","valign":"middle","link":"","target":0,"width":2,"height":2,"filters":"Grenlandia","url":"https:\/\/photographic.pl\/wp-content\/uploads\/2021\/09\/DSC_0697.jpg","caption":"Grenlandia 2016","report":"","src":"https:\/\/photographic.pl\/wp-content\/uploads\/2021\/09\/DSC_0697-1024x768.jpg","data-width":2,"data-height":2},{"id":"3373","alt":"fotografia krajobrazowa Grenlandia","title":"G\u00f3ra lodowa","description":"Grenlandia 2016","halign":"center","valign":"middle","link":"","target":0,"width":2,"height":2,"filters":"Grenlandia","url":"https:\/\/photographic.pl\/wp-content\/uploads\/2021\/09\/DSC_0648.jpg","caption":"Grenlandia 2016","report":"","src":"https:\/\/photographic.pl\/wp-content\/uploads\/2021\/09\/DSC_0648-1024x684.jpg","data-width":2,"data-height":2},{"id":"3374","alt":"fotografia krajobrazowa Grenlandia","title":"Ilulissat","description":"Grenlandia 2016","halign":"center","valign":"middle","link":"","target":0,"width":2,"height":2,"filters":"Grenlandia","url":"https:\/\/photographic.pl\/wp-content\/uploads\/2021\/09\/DSC_0140.jpg","caption":"Grenlandia 2016","report":"","src":"https:\/\/photographic.pl\/wp-content\/uploads\/2021\/09\/DSC_0140-1024x722.jpg","data-width":2,"data-height":2},{"id":"3375","alt":"fotografia krajobrazowa Grenlandia","title":"Pi\u017cmowo\u0142y","description":"Grenlandia 2016","halign":"center","valign":"middle","link":"","target":0,"width":2,"height":2,"filters":"Grenlandia","url":"https:\/\/photographic.pl\/wp-content\/uploads\/2021\/09\/DSC_9778.jpg","caption":"Grenlandia 2016","report":"","src":"https:\/\/photographic.pl\/wp-content\/uploads\/2021\/09\/DSC_9778-1024x768.jpg","data-width":2,"data-height":2},{"id":"3376","alt":"fotografia krajobrazowa Grenlandia","title":"Kolory maskuj\u0105ce","description":"Grenlandia 2016","halign":"center","valign":"middle","link":"","target":0,"width":2,"height":2,"filters":"Grenlandia","url":"https:\/\/photographic.pl\/wp-content\/uploads\/2021\/09\/DSC_9691.jpg","caption":"Grenlandia 2016","report":"","src":"https:\/\/photographic.pl\/wp-content\/uploads\/2021\/09\/DSC_9691-1024x768.jpg","data-width":2,"data-height":2},{"id":"3377","alt":"fotografia krajobrazowa Grenlandia","title":"Droga","description":"Grenlandia 2016","halign":"center","valign":"middle","link":"","target":0,"width":2,"height":2,"filters":"Grenlandia","url":"https:\/\/photographic.pl\/wp-content\/uploads\/2021\/09\/DSC_9417.jpg","caption":"Grenlandia 2016","report":"","src":"https:\/\/photographic.pl\/wp-content\/uploads\/2021\/09\/DSC_9417-1024x684.jpg","data-width":2,"data-height":2},{"id":"3381","alt":"fotografia krajobrazowa Grenlandia","title":"Islandzkie konie","description":"Islandia 2016","halign":"center","valign":"middle","link":"","target":0,"width":2,"height":2,"filters":"Islandia","url":"https:\/\/photographic.pl\/wp-content\/uploads\/2021\/09\/DSC_4547-1.jpg","caption":"Islandia 2016","report":"","src":"https:\/\/photographic.pl\/wp-content\/uploads\/2021\/09\/DSC_4547-1-1024x768.jpg","data-width":2,"data-height":2},{"id":"3382","alt":"fotografia krajobrazowa Grenlandia","title":"Lodowiec Skaftafellsj\u00f6kull","description":"Islandia 2016","halign":"center","valign":"middle","link":"","target":0,"width":2,"height":2,"filters":"Islandia","url":"https:\/\/photographic.pl\/wp-content\/uploads\/2021\/09\/DSC_3923-1.jpg","caption":"Islandia 2016","report":"","src":"https:\/\/photographic.pl\/wp-content\/uploads\/2021\/09\/DSC_3923-1-1024x684.jpg","data-width":2,"data-height":2},{"id":"3383","alt":"fotografia krajobrazowa Santorini","title":"B\u0142\u0119kit oceanu","description":"Santorini 2016","halign":"center","valign":"middle","link":"","target":0,"width":2,"height":2,"filters":"Santorini","url":"https:\/\/photographic.pl\/wp-content\/uploads\/2021\/09\/DSC_0936-1.jpg","caption":"Santorini 2016","report":"","src":"https:\/\/photographic.pl\/wp-content\/uploads\/2021\/09\/DSC_0936-1-1024x768.jpg","data-width":2,"data-height":2},{"id":"3388","alt":"fotografia krajobrazowa i podr\u00f3\u017cnicza Toskania","title":"\u017b\u00f3\u0142ty Fiat","description":"Toskannia 2017","halign":"center","valign":"middle","link":"","target":0,"width":2,"height":2,"filters":"Toskania","url":"https:\/\/photographic.pl\/wp-content\/uploads\/2021\/09\/DSC_5224-1.jpg","caption":"Toskannia 2017","report":"","src":"https:\/\/photographic.pl\/wp-content\/uploads\/2021\/09\/DSC_5224-1-819x1024.jpg","data-width":2,"data-height":2},{"id":"3389","alt":"fotografia krajobrazowa i podr\u00f3\u017cnicza Toskania","title":"Zmierzch","description":"Toskannia 2017","halign":"center","valign":"middle","link":"","target":0,"width":2,"height":2,"filters":"Toskania","url":"https:\/\/photographic.pl\/wp-content\/uploads\/2021\/09\/DSC_4667.jpg","caption":"Toskannia 2017","report":"","src":"https:\/\/photographic.pl\/wp-content\/uploads\/2021\/09\/DSC_4667-1024x684.jpg","data-width":2,"data-height":2},{"id":"3390","alt":"fotografia krajobrazowa i podr\u00f3\u017cnicza Toskania","title":"Przed burz\u0105","description":"Toskannia 2017","halign":"center","valign":"middle","link":"","target":0,"width":2,"height":2,"filters":"Toskania","url":"https:\/\/photographic.pl\/wp-content\/uploads\/2021\/09\/DSC_4589.jpg","caption":"Toskannia 2017","report":"","src":"https:\/\/photographic.pl\/wp-content\/uploads\/2021\/09\/DSC_4589-819x1024.jpg","data-width":2,"data-height":2},{"id":"3391","alt":"fotografia krajobrazowa i podr\u00f3\u017cnicza Toskania","title":"Fale","description":"Toskannia 2017","halign":"center","valign":"middle","link":"","target":0,"width":2,"height":2,"filters":"Toskania","url":"https:\/\/photographic.pl\/wp-content\/uploads\/2021\/09\/DSC_4402.jpg","caption":"Toskannia 2017","report":"","src":"https:\/\/photographic.pl\/wp-content\/uploads\/2021\/09\/DSC_4402-1024x684.jpg","data-width":2,"data-height":2},{"id":"3392","alt":"fotografia krajobrazowa i podr\u00f3\u017cnicza Toskania","title":"Dolina we mgle","description":"Toskannia 2017","halign":"center","valign":"middle","link":"","target":0,"width":2,"height":2,"filters":"Toskania","url":"https:\/\/photographic.pl\/wp-content\/uploads\/2021\/09\/DSC_4394.jpg","caption":"Toskannia 2017","report":"","src":"https:\/\/photographic.pl\/wp-content\/uploads\/2021\/09\/DSC_4394-1024x684.jpg","data-width":2,"data-height":2},{"id":"3393","alt":"fotografia krajobrazowa i podr\u00f3\u017cnicza Toskania","title":"Poranek","description":"Toskannia 2017","halign":"center","valign":"middle","link":"","target":0,"width":2,"height":2,"filters":"Toskania","url":"https:\/\/photographic.pl\/wp-content\/uploads\/2021\/09\/DSC_4385.jpg","caption":"Toskannia 2017","report":"","src":"https:\/\/photographic.pl\/wp-content\/uploads\/2021\/09\/DSC_4385-1024x684.jpg","data-width":2,"data-height":2},{"id":"3394","alt":"fotografia krajobrazowa i podr\u00f3\u017cnicza Toskania","title":"Kotek","description":"Toskania 2017","halign":"center","valign":"middle","link":"","target":0,"width":2,"height":2,"filters":"Toskania","url":"https:\/\/photographic.pl\/wp-content\/uploads\/2021\/09\/DSC_41202.jpg","caption":"Toskania 2017","report":"","src":"https:\/\/photographic.pl\/wp-content\/uploads\/2021\/09\/DSC_41202-819x1024.jpg","data-width":2,"data-height":2},{"id":"3396","alt":"fotografia krajobrazowa i podr\u00f3\u017cnicza Lizbona","title":"Tramwajarz","description":"Lisbona 2017","halign":"center","valign":"middle","link":"","target":0,"width":2,"height":2,"filters":"Ludzie,Portugalia","url":"https:\/\/photographic.pl\/wp-content\/uploads\/2021\/09\/DSC_8445.jpg","caption":"Lisbona 2017","report":"","src":"https:\/\/photographic.pl\/wp-content\/uploads\/2021\/09\/DSC_8445-1024x1024.jpg","data-width":2,"data-height":2},{"id":"3397","alt":"fotografia krajobrazowa i podr\u00f3\u017cnicza Lizbona","title":"Welcome","description":"Lisbona 2017","halign":"center","valign":"middle","link":"","target":0,"width":2,"height":2,"filters":"Portugalia","url":"https:\/\/photographic.pl\/wp-content\/uploads\/2021\/09\/DSC_7609.jpg","caption":"Lisbona 2017","report":"","src":"https:\/\/photographic.pl\/wp-content\/uploads\/2021\/09\/DSC_7609-1024x651.jpg","data-width":2,"data-height":2},{"id":"3398","alt":"fotografia krajobrazowa i podr\u00f3\u017cnicza Lizbona","title":"Brama","description":"Lisbona 2017","halign":"center","valign":"middle","link":"","target":0,"width":2,"height":2,"filters":"Portugalia","url":"https:\/\/photographic.pl\/wp-content\/uploads\/2021\/09\/DSC_7527.jpg","caption":"Lisbona 2017","report":"","src":"https:\/\/photographic.pl\/wp-content\/uploads\/2021\/09\/DSC_7527-819x1024.jpg","data-width":2,"data-height":2},{"id":"3399","alt":"fotografia krajobrazowa i podr\u00f3\u017cnicza Lizbona","title":"Poranny tramwaj","description":"Lisbona 2017","halign":"center","valign":"middle","link":"","target":0,"width":2,"height":2,"filters":"Portugalia","url":"https:\/\/photographic.pl\/wp-content\/uploads\/2021\/09\/DSC_7446.jpg","caption":"Lisbona 2017","report":"","src":"https:\/\/photographic.pl\/wp-content\/uploads\/2021\/09\/DSC_7446-1024x1024.jpg","data-width":2,"data-height":2},{"id":"3400","alt":"fotografia krajobrazowa i podr\u00f3\u017cnicza Lizbona","title":"Przerwa na papierosa","description":"Lisbona 2017","halign":"center","valign":"middle","link":"","target":0,"width":2,"height":2,"filters":"Ludzie,Portugalia","url":"https:\/\/photographic.pl\/wp-content\/uploads\/2021\/09\/DSC_6670.jpg","caption":"Lisbona 2017","report":"","src":"https:\/\/photographic.pl\/wp-content\/uploads\/2021\/09\/DSC_6670-819x1024.jpg","data-width":2,"data-height":2},{"id":"3401","alt":"fotografia krajobrazowa i podr\u00f3\u017cnicza Lizbona","title":"Most Vasco da Gama","description":"Lisbona 2017","halign":"center","valign":"middle","link":"","target":0,"width":2,"height":2,"filters":"Portugalia","url":"https:\/\/photographic.pl\/wp-content\/uploads\/2021\/09\/DSC_6387.jpg","caption":"Lisbona 2017","report":"","src":"https:\/\/photographic.pl\/wp-content\/uploads\/2021\/09\/DSC_6387-1024x576.jpg","data-width":2,"data-height":2},{"id":"3407","alt":"Fotografia krajobrazowa Szkocja","title":"Zamek Eilean Donan","description":"Szkocja 2017","halign":"center","valign":"middle","link":"","target":0,"width":2,"height":2,"filters":"Szkocja","url":"https:\/\/photographic.pl\/wp-content\/uploads\/2021\/09\/DSC_1156.jpg","caption":"Szkocja 2017","report":"","src":"https:\/\/photographic.pl\/wp-content\/uploads\/2021\/09\/DSC_1156-1024x615.jpg","data-width":2,"data-height":2},{"id":"3408","alt":"Fotografia krajobrazowa Szkocja","title":"Old Man of Storr","description":"Szkocja 2017","halign":"center","valign":"middle","link":"","target":0,"width":2,"height":2,"filters":"Szkocja","url":"https:\/\/photographic.pl\/wp-content\/uploads\/2021\/09\/DSC_0637.jpg","caption":"Szkocja 2017","report":"","src":"https:\/\/photographic.pl\/wp-content\/uploads\/2021\/09\/DSC_0637-1024x684.jpg","data-width":2,"data-height":2},{"id":"3409","alt":"Fotografia krajobrazowa Szkocja","title":"Neist Point","description":"Szkocja 2017","halign":"center","valign":"middle","link":"","target":0,"width":2,"height":2,"filters":"Szkocja","url":"https:\/\/photographic.pl\/wp-content\/uploads\/2021\/09\/DSC_0578.jpg","caption":"Szkocja 2017","report":"","src":"https:\/\/photographic.pl\/wp-content\/uploads\/2021\/09\/DSC_0578-1024x768.jpg","data-width":2,"data-height":2},{"id":"3410","alt":"Fotografia krajobrazowa Szkocja","title":"Quiraing","description":"Szkocja 2017","halign":"center","valign":"middle","link":"","target":0,"width":2,"height":2,"filters":"Szkocja","url":"https:\/\/photographic.pl\/wp-content\/uploads\/2021\/09\/DSC_0216.jpg","caption":"Szkocja 2017","report":"","src":"https:\/\/photographic.pl\/wp-content\/uploads\/2021\/09\/DSC_0216-1024x649.jpg","data-width":2,"data-height":2},{"id":"3411","alt":"Fotografia krajobrazowa Szkocja","title":"Burzowa pla\u017ca","description":"Szkocja 2017","halign":"center","valign":"middle","link":"","target":0,"width":2,"height":2,"filters":"Szkocja","url":"https:\/\/photographic.pl\/wp-content\/uploads\/2021\/09\/DSC_0268.jpg","caption":"Szkocja 2017","report":"","src":"https:\/\/photographic.pl\/wp-content\/uploads\/2021\/09\/DSC_0268-1024x684.jpg","data-width":2,"data-height":2},{"id":"3412","alt":"fotografia krajobrazowa Islandia","title":"Samotno\u015b\u0107","description":"Islandia 2016","halign":"center","valign":"middle","link":"","target":0,"width":2,"height":2,"filters":"Islandia","url":"https:\/\/photographic.pl\/wp-content\/uploads\/2021\/09\/DSC_7973.jpg","caption":"Islandia 2016","report":"","src":"https:\/\/photographic.pl\/wp-content\/uploads\/2021\/09\/DSC_7973-1024x768.jpg","data-width":2,"data-height":2},{"id":"3413","alt":"fotografia krajobrazowa Islandia","title":"Wodospad Kirkjufellsfoss","description":"Islandia 2016","halign":"center","valign":"middle","link":"","target":0,"width":2,"height":2,"filters":"Islandia","url":"https:\/\/photographic.pl\/wp-content\/uploads\/2021\/09\/DSC_7950.jpg","caption":"Islandia 2016","report":"","src":"https:\/\/photographic.pl\/wp-content\/uploads\/2021\/09\/DSC_7950-1024x684.jpg","data-width":2,"data-height":2},{"id":"3414","alt":"fotografia krajobrazowa Islandia","title":"Wodospad Dettifoss","description":"Islandia 2016","halign":"center","valign":"middle","link":"","target":0,"width":2,"height":2,"filters":"Islandia","url":"https:\/\/photographic.pl\/wp-content\/uploads\/2021\/09\/DSC_4783.jpg","caption":"Islandia 2016","report":"","src":"https:\/\/photographic.pl\/wp-content\/uploads\/2021\/09\/DSC_4783-819x1024.jpg","data-width":2,"data-height":2},{"id":"3415","alt":"Fotografia podr\u00f3\u017cnicza Tajlandia","title":"One Night in Bangkok","description":"Tajlandia 2017","halign":"center","valign":"middle","link":"","target":0,"width":2,"height":2,"filters":"Tajlandia","url":"https:\/\/photographic.pl\/wp-content\/uploads\/2021\/09\/DSC5129.jpg","caption":"Tajlandia 2017","report":"","src":"https:\/\/photographic.pl\/wp-content\/uploads\/2021\/09\/DSC5129-1024x687.jpg","data-width":2,"data-height":2},{"id":"3416","alt":"Fotografia podr\u00f3\u017cnicza Laos","title":"Balon","description":"Laos 2017","halign":"center","valign":"middle","link":"","target":0,"width":2,"height":2,"filters":"Laos","url":"https:\/\/photographic.pl\/wp-content\/uploads\/2021\/09\/DSC4689.jpg","caption":"Laos 2017","report":"","src":"https:\/\/photographic.pl\/wp-content\/uploads\/2021\/09\/DSC4689-1024x644.jpg","data-width":2,"data-height":2},{"id":"3417","alt":"Fotografia podr\u00f3\u017cnicza Laos","title":"Portret dziewczynki","description":"Laos 2017","halign":"center","valign":"middle","link":"","target":0,"width":2,"height":2,"filters":"Ludzie,Laos","url":"https:\/\/photographic.pl\/wp-content\/uploads\/2021\/09\/DSC4438.jpg","caption":"Laos 2017","report":"","src":"https:\/\/photographic.pl\/wp-content\/uploads\/2021\/09\/DSC4438-819x1024.jpg","data-width":2,"data-height":2},{"id":"3418","alt":"Fotografia podr\u00f3\u017cnicza Laos","title":"Wodospady Kuang Si","description":"Laos 2017","halign":"center","valign":"middle","link":"","target":0,"width":2,"height":2,"filters":"Laos","url":"https:\/\/photographic.pl\/wp-content\/uploads\/2021\/09\/DSC_3535.jpg","caption":"Laos 2017","report":"","src":"https:\/\/photographic.pl\/wp-content\/uploads\/2021\/09\/DSC_3535-1024x684.jpg","data-width":2,"data-height":2},{"id":"3419","alt":"Fotografia podr\u00f3\u017cnicza Laos","title":"Wodospady Kuang Si","description":"Laos 2017","halign":"center","valign":"middle","link":"","target":0,"width":2,"height":2,"filters":"Laos","url":"https:\/\/photographic.pl\/wp-content\/uploads\/2021\/09\/DSC_3531.jpg","caption":"Laos 2017","report":"","src":"https:\/\/photographic.pl\/wp-content\/uploads\/2021\/09\/DSC_3531-1024x684.jpg","data-width":2,"data-height":2},{"id":"3420","alt":"Fotografia podr\u00f3\u017cnicza Laos","title":"Wodospad Kuang Si","description":"Laos 2017","halign":"center","valign":"middle","link":"","target":0,"width":2,"height":2,"filters":"Laos","url":"https:\/\/photographic.pl\/wp-content\/uploads\/2021\/09\/DSC_3509.jpg","caption":"Laos 2017","report":"","src":"https:\/\/photographic.pl\/wp-content\/uploads\/2021\/09\/DSC_3509-1024x629.jpg","data-width":2,"data-height":2},{"id":"3421","alt":"Fotografia podr\u00f3\u017cnicza Kambod\u017ca","title":"Sie\u0107","description":"Kambod\u017ca 2017","halign":"center","valign":"middle","link":"","target":0,"width":2,"height":2,"filters":"Ludzie,Kambod\u017ca","url":"https:\/\/photographic.pl\/wp-content\/uploads\/2021\/09\/DSC_3259.jpg","caption":"Kambod\u017ca 2017","report":"","src":"https:\/\/photographic.pl\/wp-content\/uploads\/2021\/09\/DSC_3259-1024x768.jpg","data-width":2,"data-height":2},{"id":"3422","alt":"Fotografia podr\u00f3\u017cnicza Kambod\u017ca","title":"Dziewczynka na \u0142odzi","description":"Kambod\u017ca 2017","halign":"center","valign":"middle","link":"","target":0,"width":2,"height":2,"filters":"Ludzie,Kambod\u017ca","url":"https:\/\/photographic.pl\/wp-content\/uploads\/2021\/09\/DSC_2816.jpg","caption":"Kambod\u017ca 2017","report":"","src":"https:\/\/photographic.pl\/wp-content\/uploads\/2021\/09\/DSC_2816-1024x684.jpg","data-width":2,"data-height":2},{"id":"3423","alt":"Fotografia podr\u00f3\u017cnicza Kambod\u017ca","title":"Portret dziecka","description":"Kambod\u017ca 2017","halign":"center","valign":"middle","link":"","target":0,"width":2,"height":2,"filters":"Ludzie,Kambod\u017ca","url":"https:\/\/photographic.pl\/wp-content\/uploads\/2021\/09\/DSC_2475.jpg","caption":"Kambod\u017ca 2017","report":"","src":"https:\/\/photographic.pl\/wp-content\/uploads\/2021\/09\/DSC_2475-819x1024.jpg","data-width":2,"data-height":2},{"id":"3424","alt":"Fotografia podr\u00f3\u017cnicza Kambod\u017ca","title":"Ruiny \u015bwi\u0105tyni Ta Prohm","description":"Kambod\u017ca 2017","halign":"center","valign":"middle","link":"","target":0,"width":2,"height":2,"filters":"Kambod\u017ca","url":"https:\/\/photographic.pl\/wp-content\/uploads\/2021\/09\/DSC_2225.jpg","caption":"Kambod\u017ca 2017","report":"","src":"https:\/\/photographic.pl\/wp-content\/uploads\/2021\/09\/DSC_2225-819x1024.jpg","data-width":2,"data-height":2},{"id":"3425","alt":"Fotografia podr\u00f3\u017cnicza Kambod\u017ca","title":"Tonle Om Gate","description":"Kambod\u017ca 2017","halign":"center","valign":"middle","link":"","target":0,"width":2,"height":2,"filters":"Kambod\u017ca","url":"https:\/\/photographic.pl\/wp-content\/uploads\/2021\/09\/DSC_2067.jpg","caption":"Kambod\u017ca 2017","report":"","src":"https:\/\/photographic.pl\/wp-content\/uploads\/2021\/09\/DSC_2067-1024x684.jpg","data-width":2,"data-height":2},{"id":"3426","alt":"fotografia krajobrazowa Lofoty","title":"Ramberg","description":"Norwegia 2018","halign":"center","valign":"middle","link":"","target":0,"width":2,"height":2,"filters":"Norwegia","url":"https:\/\/photographic.pl\/wp-content\/uploads\/2021\/09\/DSC6955.jpg","caption":"Norwegia 2018","report":"","src":"https:\/\/photographic.pl\/wp-content\/uploads\/2021\/09\/DSC6955-1024x684.jpg","data-width":2,"data-height":2},{"id":"3427","alt":"fotografia krajobrazowa Lofoty","title":"Hamn\u00f8y","description":"Norwegia 2018","halign":"center","valign":"middle","link":"","target":0,"width":2,"height":2,"filters":"Norwegia","url":"https:\/\/photographic.pl\/wp-content\/uploads\/2021\/09\/DSC6788.jpg","caption":"Norwegia 2018","report":"","src":"https:\/\/photographic.pl\/wp-content\/uploads\/2021\/09\/DSC6788-1024x684.jpg","data-width":2,"data-height":2},{"id":"3428","alt":"fotografia krajobrazowa Lofoty","title":"Pla\u017ca Vikten","description":"Norwegia 2018","halign":"center","valign":"middle","link":"","target":0,"width":2,"height":2,"filters":"Norwegia","url":"https:\/\/photographic.pl\/wp-content\/uploads\/2021\/09\/DSC6748.jpg","caption":"Norwegia 2018","report":"","src":"https:\/\/photographic.pl\/wp-content\/uploads\/2021\/09\/DSC6748-1024x684.jpg","data-width":2,"data-height":2},{"id":"3429","alt":"fotografia krajobrazowa Lofoty","title":"Flakstad","description":"Norwegia 2018","halign":"center","valign":"middle","link":"","target":0,"width":2,"height":2,"filters":"Norwegia","url":"https:\/\/photographic.pl\/wp-content\/uploads\/2021\/09\/DSC6569.jpg","caption":"Norwegia 2018","report":"","src":"https:\/\/photographic.pl\/wp-content\/uploads\/2021\/09\/DSC6569-1024x768.jpg","data-width":2,"data-height":2},{"id":"3430","alt":"fotografia krajobrazowa Lofoty","title":"Moskenes","description":"Norwegia 2018","halign":"center","valign":"middle","link":"","target":0,"width":2,"height":2,"filters":"Norwegia","url":"https:\/\/photographic.pl\/wp-content\/uploads\/2021\/09\/DSC6203.jpg","caption":"Norwegia 2018","report":"","src":"https:\/\/photographic.pl\/wp-content\/uploads\/2021\/09\/DSC6203-1024x684.jpg","data-width":2,"data-height":2},{"id":"3431","alt":"fotografia krajobrazowa Lofoty","title":"Reine","description":"Norwegia 2018","halign":"center","valign":"middle","link":"","target":0,"width":2,"height":2,"filters":"Norwegia","url":"https:\/\/photographic.pl\/wp-content\/uploads\/2021\/09\/DSC6023.jpg","caption":"Norwegia 2018","report":"","src":"https:\/\/photographic.pl\/wp-content\/uploads\/2021\/09\/DSC6023-1024x685.jpg","data-width":2,"data-height":2},{"id":"3432","alt":"fotografia przyrodnicza Kerkini","title":"Przystojniak","description":"Kerkini, Grecja 2018","halign":"center","valign":"middle","link":"","target":0,"width":2,"height":2,"filters":"Grecja","url":"https:\/\/photographic.pl\/wp-content\/uploads\/2021\/09\/DSC1462.jpg","caption":"Kerkini, Grecja 2018","report":"","src":"https:\/\/photographic.pl\/wp-content\/uploads\/2021\/09\/DSC1462-693x1024.jpg","data-width":2,"data-height":2},{"id":"3433","alt":"fotografia przyrodnicza Kerkini","title":"Wojownik","description":"Kerkini, Grecja 2018","halign":"center","valign":"middle","link":"","target":0,"width":2,"height":2,"filters":"Grecja","url":"https:\/\/photographic.pl\/wp-content\/uploads\/2021\/09\/DSC1459.jpg","caption":"Kerkini, Grecja 2018","report":"","src":"https:\/\/photographic.pl\/wp-content\/uploads\/2021\/09\/DSC1459-1024x1024.jpg","data-width":2,"data-height":2},{"id":"3434","alt":"Fotografia podr\u00f3\u017cnicza Gruzja","title":"Ushguli","description":"Gruzja 2018","halign":"center","valign":"middle","link":"","target":0,"width":2,"height":2,"filters":"Gruzja","url":"https:\/\/photographic.pl\/wp-content\/uploads\/2021\/09\/DSC_2386.jpg","caption":"Gruzja 2018","report":"","src":"https:\/\/photographic.pl\/wp-content\/uploads\/2021\/09\/DSC_2386-1024x683.jpg","data-width":2,"data-height":2},{"id":"3435","alt":"Fotografia podr\u00f3\u017cnicza Armenia","title":"Chor Wirap Monastery","description":"Armenia 2018","halign":"center","valign":"middle","link":"","target":0,"width":2,"height":2,"filters":"Armenia","url":"https:\/\/photographic.pl\/wp-content\/uploads\/2021\/09\/DSC_1835-2.jpg","caption":"Armenia 2018","report":"","src":"https:\/\/photographic.pl\/wp-content\/uploads\/2021\/09\/DSC_1835-2-1024x576.jpg","data-width":2,"data-height":2},{"id":"3436","alt":"Fotografia podr\u00f3\u017cnicza Armenia","title":"Geghard Monastery","description":"Armenia 2018","halign":"center","valign":"middle","link":"","target":0,"width":2,"height":2,"filters":"Armenia","url":"https:\/\/photographic.pl\/wp-content\/uploads\/2021\/09\/DSC_1799.jpg","caption":"Armenia 2018","report":"","src":"https:\/\/photographic.pl\/wp-content\/uploads\/2021\/09\/DSC_1799-819x1024.jpg","data-width":2,"data-height":2},{"id":"3437","alt":"Fotografia podr\u00f3\u017cnicza Armenia","title":"Zvartnots","description":"Armenia 2018","halign":"center","valign":"middle","link":"","target":0,"width":2,"height":2,"filters":"Armenia","url":"https:\/\/photographic.pl\/wp-content\/uploads\/2021\/09\/DSC_1641.jpg","caption":"Armenia 2018","report":"","src":"https:\/\/photographic.pl\/wp-content\/uploads\/2021\/09\/DSC_1641-1024x679.jpg","data-width":2,"data-height":2},{"id":"3438","alt":"Fotografia podr\u00f3\u017cnicza i krajobrazowa Jordania","title":"Wadi Rum","description":"Jordania 2018","halign":"center","valign":"middle","link":"","target":0,"width":2,"height":2,"filters":"Jordania","url":"https:\/\/photographic.pl\/wp-content\/uploads\/2021\/09\/DSC_4410.jpg","caption":"Jordania 2018","report":"","src":"https:\/\/photographic.pl\/wp-content\/uploads\/2021\/09\/DSC_4410-1024x683.jpg","data-width":2,"data-height":2},{"id":"3439","alt":"Fotografia podr\u00f3\u017cnicza i krajobrazowa Jordania","title":"Wadi Rum","description":"Jordania 2018","halign":"center","valign":"middle","link":"","target":0,"width":2,"height":2,"filters":"Jordania","url":"https:\/\/photographic.pl\/wp-content\/uploads\/2021\/09\/DSC_4356.jpg","caption":"Jordania 2018","report":"","src":"https:\/\/photographic.pl\/wp-content\/uploads\/2021\/09\/DSC_4356-819x1024.jpg","data-width":2,"data-height":2},{"id":"3440","alt":"Fotografia podr\u00f3\u017cnicza i krajobrazowa Jordania","title":"Wadi Rum","description":"Jordania 2018","halign":"center","valign":"middle","link":"","target":0,"width":2,"height":2,"filters":"Jordania","url":"https:\/\/photographic.pl\/wp-content\/uploads\/2021\/09\/DSC_4087.jpg","caption":"Jordania 2018","report":"","src":"https:\/\/photographic.pl\/wp-content\/uploads\/2021\/09\/DSC_4087-1024x683.jpg","data-width":2,"data-height":2},{"id":"3441","alt":"Fotografia podr\u00f3\u017cnicza i krajobrazowa Jordania","title":"Wadi Rum","description":"Jordania 2018","halign":"center","valign":"middle","link":"","target":0,"width":2,"height":2,"filters":"Jordania","url":"https:\/\/photographic.pl\/wp-content\/uploads\/2021\/09\/DSC_4085.jpg","caption":"Jordania 2018","report":"","src":"https:\/\/photographic.pl\/wp-content\/uploads\/2021\/09\/DSC_4085-1024x683.jpg","data-width":2,"data-height":2},{"id":"3442","alt":"Fotografia podr\u00f3\u017cnicza i krajobrazowa Jordania","title":"Petra","description":"Jordania 2018","halign":"center","valign":"middle","link":"","target":0,"width":2,"height":2,"filters":"Jordania","url":"https:\/\/photographic.pl\/wp-content\/uploads\/2021\/09\/DSC_3359.jpg","caption":"Jordania 2018","report":"","src":"https:\/\/photographic.pl\/wp-content\/uploads\/2021\/09\/DSC_3359-819x1024.jpg","data-width":2,"data-height":2},{"id":"3443","alt":"Fotografia krajobrazowa Islandia","title":"Kirkjufellsfoss","description":"Islandia 2019","halign":"center","valign":"middle","link":"","target":0,"width":2,"height":2,"filters":"Islandia","url":"https:\/\/photographic.pl\/wp-content\/uploads\/2021\/09\/DSC_6230.jpg","caption":"Islandia 2019","report":"","src":"https:\/\/photographic.pl\/wp-content\/uploads\/2021\/09\/DSC_6230-1024x768.jpg","data-width":2,"data-height":2},{"id":"3444","alt":"Fotografia krajobrazowa Islandia","title":"Hvalnesviti","description":"Islandia 2019","halign":"center","valign":"middle","link":"","target":0,"width":2,"height":2,"filters":"Islandia","url":"https:\/\/photographic.pl\/wp-content\/uploads\/2021\/09\/DSC_5796.jpg","caption":"Islandia 2019","report":"","src":"https:\/\/photographic.pl\/wp-content\/uploads\/2021\/09\/DSC_5796-819x1024.jpg","data-width":2,"data-height":2},{"id":"3445","alt":"Fotografia krajobrazowa Islandia","title":"Zatoka","description":"Islandia 2019","halign":"center","valign":"middle","link":"","target":0,"width":2,"height":2,"filters":"Islandia","url":"https:\/\/photographic.pl\/wp-content\/uploads\/2021\/09\/DSC_5765.jpg","caption":"Islandia 2019","report":"","src":"https:\/\/photographic.pl\/wp-content\/uploads\/2021\/09\/DSC_5765-1024x768.jpg","data-width":2,"data-height":2},{"id":"3446","alt":"Fotografia krajobrazowa Islandia","title":"Fjalls\u00e1rl\u00f3n Glacier Lagoon","description":"Islandia 2019","halign":"center","valign":"middle","link":"","target":0,"width":2,"height":2,"filters":"Islandia","url":"https:\/\/photographic.pl\/wp-content\/uploads\/2021\/09\/DSC_5744.jpg","caption":"Islandia 2019","report":"","src":"https:\/\/photographic.pl\/wp-content\/uploads\/2021\/09\/DSC_5744-1024x683.jpg","data-width":2,"data-height":2},{"id":"3447","alt":"Fotografia krajobrazowa Islandia","title":"Fjalls\u00e1rl\u00f3n Glacier Lagoon","description":"Islandia 2019","halign":"center","valign":"middle","link":"","target":0,"width":2,"height":2,"filters":"Islandia","url":"https:\/\/photographic.pl\/wp-content\/uploads\/2021\/09\/DSC_5732.jpg","caption":"Islandia 2019","report":"","src":"https:\/\/photographic.pl\/wp-content\/uploads\/2021\/09\/DSC_5732-1024x768.jpg","data-width":2,"data-height":2},{"id":"3448","alt":"Fotografia krajobrazowa Islandia","title":"Lodowa jaskinia","description":"Islandia 2019","halign":"center","valign":"middle","link":"","target":0,"width":2,"height":2,"filters":"Islandia","url":"https:\/\/photographic.pl\/wp-content\/uploads\/2021\/09\/DSC_5630.jpg","caption":"Islandia 2019","report":"","src":"https:\/\/photographic.pl\/wp-content\/uploads\/2021\/09\/DSC_5630-1024x768.jpg","data-width":2,"data-height":2},{"id":"3449","alt":"Fotografia krajobrazowa Islandia","title":"Stokksnes","description":"Islandia 2019","halign":"center","valign":"middle","link":"","target":0,"width":2,"height":2,"filters":"Islandia","url":"https:\/\/photographic.pl\/wp-content\/uploads\/2021\/09\/DSC_5554.jpg","caption":"Islandia 2019","report":"","src":"https:\/\/photographic.pl\/wp-content\/uploads\/2021\/09\/DSC_5554-1024x768.jpg","data-width":2,"data-height":2},{"id":"3450","alt":"Fotografia krajobrazowa i podr\u00f3\u017cnicza Islandia","title":"Kirkjufellsfoss","description":"Islandia 2019","halign":"center","valign":"middle","link":"","target":0,"width":2,"height":2,"filters":"Islandia","url":"https:\/\/photographic.pl\/wp-content\/uploads\/2021\/09\/DSC_6183.jpg","caption":"Islandia 2019","report":"","src":"https:\/\/photographic.pl\/wp-content\/uploads\/2021\/09\/DSC_6183-819x1024.jpg","data-width":2,"data-height":2},{"id":"3451","alt":"Fotografia krajobrazowa i podr\u00f3\u017cnicza Islandia","title":"Kirkjufellsfoss","description":"Islandia 2019","halign":"center","valign":"middle","link":"","target":0,"width":2,"height":2,"filters":"Islandia","url":"https:\/\/photographic.pl\/wp-content\/uploads\/2021\/09\/DSC_6167.jpg","caption":"Islandia 2019","report":"","src":"https:\/\/photographic.pl\/wp-content\/uploads\/2021\/09\/DSC_6167-1024x768.jpg","data-width":2,"data-height":2},{"id":"3452","alt":"Fotografia krajobrazowa i podr\u00f3\u017cnicza Islandia","title":"Park Narodowy Sn\u00e6fellsj\u00f6kull","description":"Islandia 2019","halign":"center","valign":"middle","link":"","target":0,"width":2,"height":2,"filters":"Islandia","url":"https:\/\/photographic.pl\/wp-content\/uploads\/2021\/09\/DSC_5819.jpg","caption":"Islandia 2019","report":"","src":"https:\/\/photographic.pl\/wp-content\/uploads\/2021\/09\/DSC_5819-1024x768.jpg","data-width":2,"data-height":2},{"id":"3453","alt":"Fotografia krajobrazowa i podr\u00f3\u017cnicza Islandia","title":"Fjalls\u00e1rl\u00f3n Glacier Lagoon","description":"Islandia 2019","halign":"center","valign":"middle","link":"","target":0,"width":2,"height":2,"filters":"Islandia","url":"https:\/\/photographic.pl\/wp-content\/uploads\/2021\/09\/DSC_5736.jpg","caption":"Islandia 2019","report":"","src":"https:\/\/photographic.pl\/wp-content\/uploads\/2021\/09\/DSC_5736-1024x768.jpg","data-width":2,"data-height":2},{"id":"3454","alt":"Fotografia krajobrazowa i podr\u00f3\u017cnicza Islandia","title":"Stokksnes","description":"Islandia 2019","halign":"center","valign":"middle","link":"","target":0,"width":2,"height":2,"filters":"Islandia","url":"https:\/\/photographic.pl\/wp-content\/uploads\/2021\/09\/DSC_5605.jpg","caption":"Islandia 2019","report":"","src":"https:\/\/photographic.pl\/wp-content\/uploads\/2021\/09\/DSC_5605-1024x768.jpg","data-width":2,"data-height":2},{"id":"3455","alt":"Fotografia krajobrazowa i podr\u00f3\u017cnicza Islandia","title":"Reynisdrangar","description":"Islandia 2019","halign":"center","valign":"middle","link":"","target":0,"width":2,"height":2,"filters":"Islandia","url":"https:\/\/photographic.pl\/wp-content\/uploads\/2021\/09\/DSC_5071.jpg","caption":"Islandia 2019","report":"","src":"https:\/\/photographic.pl\/wp-content\/uploads\/2021\/09\/DSC_5071-1024x683.jpg","data-width":2,"data-height":2},{"id":"3456","alt":"Fotografia krajobrazowa i podr\u00f3\u017cnicza Islandia","title":"V\u00edk \u00ed M\u00fdrdal","description":"Islandia 2019","halign":"center","valign":"middle","link":"","target":0,"width":2,"height":2,"filters":"Islandia","url":"https:\/\/photographic.pl\/wp-content\/uploads\/2021\/09\/DSC_4933.jpg","caption":"Islandia 2019","report":"","src":"https:\/\/photographic.pl\/wp-content\/uploads\/2021\/09\/DSC_4933-1024x768.jpg","data-width":2,"data-height":2},{"id":"3457","alt":"Fotografia krajobrazowa i podr\u00f3\u017cnicza Jordania","title":"Morze Martwe","description":"Jordania 2018","halign":"center","valign":"middle","link":"","target":0,"width":2,"height":2,"filters":"Jordania","url":"https:\/\/photographic.pl\/wp-content\/uploads\/2021\/09\/DSC_4829.jpg","caption":"Jordania 2018","report":"","src":"https:\/\/photographic.pl\/wp-content\/uploads\/2021\/09\/DSC_4829-1024x683.jpg","data-width":2,"data-height":2},{"id":"3458","alt":"Fotografia krajobrazowa i podr\u00f3\u017cnicza Jordania","title":"Petra","description":"Jordania 2018","halign":"center","valign":"middle","link":"","target":0,"width":2,"height":2,"filters":"Jordania","url":"https:\/\/photographic.pl\/wp-content\/uploads\/2021\/09\/DSC_3671.jpg","caption":"Jordania 2018","report":"","src":"https:\/\/photographic.pl\/wp-content\/uploads\/2021\/09\/DSC_3671-819x1024.jpg","data-width":2,"data-height":2},{"id":"3459","alt":"Fotografia krajobrazowa i podr\u00f3\u017cnicza Jordania","title":"Petra","description":"Jordania 2018","halign":"center","valign":"middle","link":"","target":0,"width":2,"height":2,"filters":"Jordania","url":"https:\/\/photographic.pl\/wp-content\/uploads\/2021\/09\/DSC_3342.jpg","caption":"Jordania 2018","report":"","src":"https:\/\/photographic.pl\/wp-content\/uploads\/2021\/09\/DSC_3342-1024x683.jpg","data-width":2,"data-height":2},{"id":"3460","alt":"Fotografia krajobrazowa i podr\u00f3\u017cnicza Gruzja","title":"Ushguli","description":"Gruzja 2018","halign":"center","valign":"middle","link":"","target":0,"width":2,"height":2,"filters":"Gruzja","url":"https:\/\/photographic.pl\/wp-content\/uploads\/2021\/09\/DSC_2705.jpg","caption":"Gruzja 2018","report":"","src":"https:\/\/photographic.pl\/wp-content\/uploads\/2021\/09\/DSC_2705-819x1024.jpg","data-width":2,"data-height":2},{"id":"3461","alt":"Fotografia krajobrazowa i podr\u00f3\u017cnicza Armenia","title":"Chor Wirap Monastery","description":"Armenia 2018","halign":"center","valign":"middle","link":"","target":0,"width":2,"height":2,"filters":"Armenia","url":"https:\/\/photographic.pl\/wp-content\/uploads\/2021\/09\/DSC_1863.jpg","caption":"Armenia 2018","report":"","src":"https:\/\/photographic.pl\/wp-content\/uploads\/2021\/09\/DSC_1863-1024x768.jpg","data-width":2,"data-height":2},{"id":"3462","alt":"Fotografia krajobrazowa Morawy","title":"Morawy","description":"Czechy 2019","halign":"center","valign":"middle","link":"","target":0,"width":2,"height":2,"filters":"Morawy","url":"https:\/\/photographic.pl\/wp-content\/uploads\/2021\/09\/DSC_6744.jpg","caption":"Czechy 2019","report":"","src":"https:\/\/photographic.pl\/wp-content\/uploads\/2021\/09\/DSC_6744-1024x625.jpg","data-width":2,"data-height":2},{"id":"3463","alt":"Fotografia krajobrazowa Morawy","title":"Kunkovice","description":"Czechy 2019","halign":"center","valign":"middle","link":"","target":0,"width":2,"height":2,"filters":"Morawy","url":"https:\/\/photographic.pl\/wp-content\/uploads\/2021\/09\/DSC_6714.jpg","caption":"Czechy 2019","report":"","src":"https:\/\/photographic.pl\/wp-content\/uploads\/2021\/09\/DSC_6714-1024x641.jpg","data-width":2,"data-height":2},{"id":"3464","alt":"Fotografia krajobrazowa Morawy","title":"Kunkovice","description":"Czechy 2019","halign":"center","valign":"middle","link":"","target":0,"width":2,"height":2,"filters":"Morawy","url":"https:\/\/photographic.pl\/wp-content\/uploads\/2021\/09\/DSC_6701.jpg","caption":"Czechy 2019","report":"","src":"https:\/\/photographic.pl\/wp-content\/uploads\/2021\/09\/DSC_6701-1024x683.jpg","data-width":2,"data-height":2},{"id":"3465","alt":"Fotografia krajobrazowa Morawy","title":"Morawy","description":"Czechy 2019","halign":"center","valign":"middle","link":"","target":0,"width":2,"height":2,"filters":"Morawy","url":"https:\/\/photographic.pl\/wp-content\/uploads\/2021\/09\/DSC_6560.jpg","caption":"Czechy 2019","report":"","src":"https:\/\/photographic.pl\/wp-content\/uploads\/2021\/09\/DSC_6560-1024x768.jpg","data-width":2,"data-height":2},{"id":"3466","alt":"Fotografia krajobrazowa Morawy","title":"Morawskie d\u0119by","description":"Czechy 2019","halign":"center","valign":"middle","link":"","target":0,"width":2,"height":2,"filters":"Morawy","url":"https:\/\/photographic.pl\/wp-content\/uploads\/2021\/09\/DSC_6551.jpg","caption":"Czechy 2019","report":"","src":"https:\/\/photographic.pl\/wp-content\/uploads\/2021\/09\/DSC_6551-1024x637.jpg","data-width":2,"data-height":2},{"id":"3468","alt":"Fotografia podr\u00f3\u017cnicza Namibia","title":"Droga Mleczna","description":"Namibia 2019","halign":"center","valign":"middle","link":"","target":0,"width":2,"height":2,"filters":"Namibia","url":"https:\/\/photographic.pl\/wp-content\/uploads\/2021\/09\/DSC_8024.jpg","caption":"Namibia 2019","report":"","src":"https:\/\/photographic.pl\/wp-content\/uploads\/2021\/09\/DSC_8024-1024x683.jpg","data-width":2,"data-height":2},{"id":"3469","alt":"Fotografia podr\u00f3\u017cnicza Namibia","title":"Poranek","description":"Namibia 2019","halign":"center","valign":"middle","link":"","target":0,"width":2,"height":2,"filters":"Namibia","url":"https:\/\/photographic.pl\/wp-content\/uploads\/2021\/09\/DSC_7730.jpg","caption":"Namibia 2019","report":"","src":"https:\/\/photographic.pl\/wp-content\/uploads\/2021\/09\/DSC_7730-1024x576.jpg","data-width":2,"data-height":2},{"id":"3470","alt":"Fotografia podr\u00f3\u017cnicza Namibia","title":"Wydma 45","description":"Namibia 2019","halign":"center","valign":"middle","link":"","target":0,"width":2,"height":2,"filters":"Namibia","url":"https:\/\/photographic.pl\/wp-content\/uploads\/2021\/09\/DSC_7671.jpg","caption":"Namibia 2019","report":"","src":"https:\/\/photographic.pl\/wp-content\/uploads\/2021\/09\/DSC_7671-1024x683.jpg","data-width":2,"data-height":2},{"id":"3471","alt":"Fotografia podr\u00f3\u017cnicza Namibia","title":"Deadvlei","description":"Namibia 2019","halign":"center","valign":"middle","link":"","target":0,"width":2,"height":2,"filters":"Namibia","url":"https:\/\/photographic.pl\/wp-content\/uploads\/2021\/09\/DSC_7601.jpg","caption":"Namibia 2019","report":"","src":"https:\/\/photographic.pl\/wp-content\/uploads\/2021\/09\/DSC_7601-1024x768.jpg","data-width":2,"data-height":2},{"id":"3486","alt":"Fotografia krajobrazowa Namibia","title":"G\u00f3ra","description":"Namibia 2019","halign":"center","valign":"middle","link":"","target":0,"width":2,"height":2,"filters":"Namibia","url":"https:\/\/photographic.pl\/wp-content\/uploads\/2021\/09\/DSC_8059_.jpg","caption":"Namibia 2019","report":"","src":"https:\/\/photographic.pl\/wp-content\/uploads\/2021\/09\/DSC_8059_-1024x616.jpg","data-width":2,"data-height":2},{"id":"3480","alt":"Portret","title":"Portret m\u0119\u017cczyzny","description":"Etiopia 2019","halign":"center","valign":"middle","link":"","target":0,"width":2,"height":2,"filters":"Ludzie,Etiopia","url":"https:\/\/photographic.pl\/wp-content\/uploads\/2021\/09\/DSC3455.jpg","caption":"Etiopia 2019","report":"","src":"https:\/\/photographic.pl\/wp-content\/uploads\/2021\/09\/DSC3455-819x1024.jpg","data-width":2,"data-height":2},{"id":"3479","alt":"Portret","title":"Portret m\u0142odej kobiety","description":"Etiopia 2019","halign":"center","valign":"middle","link":"","target":0,"width":2,"height":2,"filters":"Ludzie,Etiopia","url":"https:\/\/photographic.pl\/wp-content\/uploads\/2021\/09\/DSC3384.jpg","caption":"Etiopia 2019","report":"","src":"https:\/\/photographic.pl\/wp-content\/uploads\/2021\/09\/DSC3384-819x1024.jpg","data-width":2,"data-height":2},{"id":"3478","alt":"portret","title":"Portret m\u0119\u017cczyzny","description":"Etiopia 2019","halign":"center","valign":"middle","link":"","target":0,"width":2,"height":2,"filters":"Ludzie,Etiopia","url":"https:\/\/photographic.pl\/wp-content\/uploads\/2021\/09\/DSC3898.jpg","caption":"Etiopia 2019","report":"","src":"https:\/\/photographic.pl\/wp-content\/uploads\/2021\/09\/DSC3898-819x1024.jpg","data-width":2,"data-height":2},{"id":"3477","alt":"Fotografia podr\u00f3\u017cnicza Namibia","title":"Drzewa ko\u0142czanowe","description":"Namibia 2019","halign":"center","valign":"middle","link":"","target":0,"width":2,"height":2,"filters":"Namibia","url":"https:\/\/photographic.pl\/wp-content\/uploads\/2021\/09\/DSC_6998.jpg","caption":"Namibia 2019","report":"","src":"https:\/\/photographic.pl\/wp-content\/uploads\/2021\/09\/DSC_6998-1024x768.jpg","data-width":2,"data-height":2},{"id":"3476","alt":"Fotografia podr\u00f3\u017cnicza Namibia","title":"Automobil","description":"Namibia 2019","halign":"center","valign":"middle","link":"","target":0,"width":2,"height":2,"filters":"Namibia","url":"https:\/\/photographic.pl\/wp-content\/uploads\/2021\/09\/DSC_7219.jpg","caption":"Namibia 2019","report":"","src":"https:\/\/photographic.pl\/wp-content\/uploads\/2021\/09\/DSC_7219-1024x768.jpg","data-width":2,"data-height":2},{"id":"3475","alt":"Fotografia podr\u00f3\u017cnicza Namibia","title":"Chevrolet","description":"Namibia 2019","halign":"center","valign":"middle","link":"","target":0,"width":2,"height":2,"filters":"Namibia","url":"https:\/\/photographic.pl\/wp-content\/uploads\/2021\/09\/DSC_7220.jpg","caption":"Namibia 2019","report":"","src":"https:\/\/photographic.pl\/wp-content\/uploads\/2021\/09\/DSC_7220-1024x768.jpg","data-width":2,"data-height":2},{"id":"3474","alt":"Fotografia podr\u00f3\u017cnicza Namibia","title":"Deadvlei","description":"Namibia 2019","halign":"center","valign":"middle","link":"","target":0,"width":2,"height":2,"filters":"Namibia","url":"https:\/\/photographic.pl\/wp-content\/uploads\/2021\/09\/DSC_7542.jpg","caption":"Namibia 2019","report":"","src":"https:\/\/photographic.pl\/wp-content\/uploads\/2021\/09\/DSC_7542-1024x683.jpg","data-width":2,"data-height":2},{"id":"3473","alt":"Fotografia podr\u00f3\u017cnicza Namibia","title":"Deadvlei","description":"Namibia 2019","halign":"center","valign":"middle","link":"","target":0,"width":2,"height":2,"filters":"Namibia","url":"https:\/\/photographic.pl\/wp-content\/uploads\/2021\/09\/DSC_7548.jpg","caption":"Namibia 2019","report":"","src":"https:\/\/photographic.pl\/wp-content\/uploads\/2021\/09\/DSC_7548-1024x683.jpg","data-width":2,"data-height":2},{"id":"3472","alt":"Fotografia podr\u00f3\u017cnicza Namibia","title":"Deadvlei","description":"Namibia 2019","halign":"center","valign":"middle","link":"","target":0,"width":2,"height":2,"filters":"Namibia","url":"https:\/\/photographic.pl\/wp-content\/uploads\/2021\/09\/DSC_7555.jpg","caption":"Namibia 2019","report":"","src":"https:\/\/photographic.pl\/wp-content\/uploads\/2021\/09\/DSC_7555-1024x683.jpg","data-width":2,"data-height":2},{"id":"3654","alt":"","title":"_DSC0696","description":"","halign":"center","valign":"middle","link":"","target":0,"width":2,"height":2,"filters":"Ludzie,Maroko","url":"https:\/\/photographic.pl\/wp-content\/uploads\/2022\/02\/DSC0696.jpg","caption":"","report":"","src":"https:\/\/photographic.pl\/wp-content\/uploads\/2022\/02\/DSC0696-819x1024.jpg","data-width":2,"data-height":2},{"id":"3655","alt":"","title":"_DSC3264","description":"","halign":"center","valign":"middle","link":"","target":0,"width":2,"height":2,"filters":"Ludzie,Etiopia","url":"https:\/\/photographic.pl\/wp-content\/uploads\/2022\/02\/DSC3264.jpg","caption":"","report":"","src":"https:\/\/photographic.pl\/wp-content\/uploads\/2022\/02\/DSC3264-819x1024.jpg","data-width":2,"data-height":2},{"id":"3656","alt":"","title":"_DSC3270-Edit","description":"","halign":"center","valign":"middle","link":"","target":0,"width":2,"height":2,"filters":"Ludzie,Etiopia","url":"https:\/\/photographic.pl\/wp-content\/uploads\/2022\/02\/DSC3270-Edit.jpg","caption":"","report":"","src":"https:\/\/photographic.pl\/wp-content\/uploads\/2022\/02\/DSC3270-Edit-819x1024.jpg","data-width":2,"data-height":2},{"id":"3657","alt":"","title":"_DSC4496-2","description":"","halign":"center","valign":"middle","link":"","target":0,"width":2,"height":2,"filters":"Ludzie,Etiopia","url":"https:\/\/photographic.pl\/wp-content\/uploads\/2022\/02\/DSC4496-2.jpg","caption":"","report":"","src":"https:\/\/photographic.pl\/wp-content\/uploads\/2022\/02\/DSC4496-2-819x1024.jpg","data-width":2,"data-height":2},{"id":"3658","alt":"","title":"_DSC4496","description":"","halign":"center","valign":"middle","link":"","target":0,"width":2,"height":2,"filters":"Ludzie,Etiopia","url":"https:\/\/photographic.pl\/wp-content\/uploads\/2022\/02\/DSC4496.jpg","caption":"","report":"","src":"https:\/\/photographic.pl\/wp-content\/uploads\/2022\/02\/DSC4496-819x1024.jpg","data-width":2,"data-height":2},{"id":"3659","alt":"","title":"_DSC9049","description":"","halign":"center","valign":"middle","link":"","target":0,"width":2,"height":2,"filters":"Maroko","url":"https:\/\/photographic.pl\/wp-content\/uploads\/2022\/02\/DSC9049.jpg","caption":"","report":"","src":"https:\/\/photographic.pl\/wp-content\/uploads\/2022\/02\/DSC9049-1024x576.jpg","data-width":2,"data-height":2},{"id":"3660","alt":"","title":"_DSC9658","description":"","halign":"center","valign":"middle","link":"","target":0,"width":2,"height":2,"filters":"Maroko","url":"https:\/\/photographic.pl\/wp-content\/uploads\/2022\/02\/DSC9658.jpg","caption":"","report":"","src":"https:\/\/photographic.pl\/wp-content\/uploads\/2022\/02\/DSC9658-1024x1024.jpg","data-width":2,"data-height":2}],"yoast_head":"<!-- This site is optimized with the Yoast SEO plugin v27.5 - https:\/\/yoast.com\/product\/yoast-seo-wordpress\/ -->\n<title>Fotografia podr\u00f3\u017cnicza - photographic.pl<\/title>\n<meta name=\"description\" content=\"Andrzej Paszkowski - Fotografia krajobrazowa i podr\u00f3\u017cnicza - dope\u0142nienie profesjonalnej fotografii produktowej i reklamowej.\" \/>\n<meta name=\"robots\" content=\"index, follow, max-snippet:-1, max-image-preview:large, max-video-preview:-1\" \/>\n<link rel=\"canonical\" href=\"https:\/\/photographic.pl\/en\/portfolio\/travel\/\" \/>\n<meta property=\"og:locale\" content=\"en_GB\" \/>\n<meta property=\"og:type\" content=\"article\" \/>\n<meta property=\"og:title\" content=\"Fotografia podr\u00f3\u017cnicza - photographic.pl\" \/>\n<meta property=\"og:description\" content=\"Andrzej Paszkowski - Fotografia krajobrazowa i podr\u00f3\u017cnicza - dope\u0142nienie profesjonalnej fotografii produktowej i reklamowej.\" \/>\n<meta property=\"og:url\" content=\"https:\/\/photographic.pl\/en\/portfolio\/travel\/\" \/>\n<meta property=\"og:site_name\" content=\"photographic.pl\" \/>\n<meta property=\"article:publisher\" content=\"https:\/\/www.facebook.com\/FotografiaProduktowaReklamowa\" \/>\n<meta property=\"article:modified_time\" content=\"2022-02-02T16:39:25+00:00\" \/>\n<meta name=\"twitter:card\" content=\"summary_large_image\" \/>\n<script type=\"application\/ld+json\" class=\"yoast-schema-graph\">{\"@context\":\"https:\\\/\\\/schema.org\",\"@graph\":[{\"@type\":\"WebPage\",\"@id\":\"https:\\\/\\\/photographic.pl\\\/portfolio\\\/travel\\\/\",\"url\":\"https:\\\/\\\/photographic.pl\\\/portfolio\\\/travel\\\/\",\"name\":\"Fotografia podr\u00f3\u017cnicza - photographic.pl\",\"isPartOf\":{\"@id\":\"https:\\\/\\\/photographic.pl\\\/#website\"},\"datePublished\":\"2022-01-27T21:18:13+00:00\",\"dateModified\":\"2022-02-02T16:39:25+00:00\",\"description\":\"Andrzej Paszkowski - Fotografia krajobrazowa i podr\u00f3\u017cnicza - dope\u0142nienie profesjonalnej fotografii produktowej i reklamowej.\",\"breadcrumb\":{\"@id\":\"https:\\\/\\\/photographic.pl\\\/portfolio\\\/travel\\\/#breadcrumb\"},\"inLanguage\":\"en-GB\",\"potentialAction\":[{\"@type\":\"ReadAction\",\"target\":[\"https:\\\/\\\/photographic.pl\\\/portfolio\\\/travel\\\/\"]}]},{\"@type\":\"BreadcrumbList\",\"@id\":\"https:\\\/\\\/photographic.pl\\\/portfolio\\\/travel\\\/#breadcrumb\",\"itemListElement\":[{\"@type\":\"ListItem\",\"position\":1,\"name\":\"Strona g\u0142\u00f3wna\",\"item\":\"https:\\\/\\\/photographic.pl\\\/\"},{\"@type\":\"ListItem\",\"position\":2,\"name\":\"Fotografia podr\u00f3\u017cnicza\"}]},{\"@type\":\"WebSite\",\"@id\":\"https:\\\/\\\/photographic.pl\\\/#website\",\"url\":\"https:\\\/\\\/photographic.pl\\\/\",\"name\":\"photographic.pl\",\"description\":\"Fotografia produktowa i reklamowa\",\"publisher\":{\"@id\":\"https:\\\/\\\/photographic.pl\\\/#organization\"},\"potentialAction\":[{\"@type\":\"SearchAction\",\"target\":{\"@type\":\"EntryPoint\",\"urlTemplate\":\"https:\\\/\\\/photographic.pl\\\/?s={search_term_string}\"},\"query-input\":{\"@type\":\"PropertyValueSpecification\",\"valueRequired\":true,\"valueName\":\"search_term_string\"}}],\"inLanguage\":\"en-GB\"},{\"@type\":\"Organization\",\"@id\":\"https:\\\/\\\/photographic.pl\\\/#organization\",\"name\":\"photographic.pl\",\"url\":\"https:\\\/\\\/photographic.pl\\\/\",\"logo\":{\"@type\":\"ImageObject\",\"inLanguage\":\"en-GB\",\"@id\":\"https:\\\/\\\/photographic.pl\\\/#\\\/schema\\\/logo\\\/image\\\/\",\"url\":\"https:\\\/\\\/photographic.pl\\\/wp-content\\\/uploads\\\/2020\\\/06\\\/photographic-logo-dark@.svg\",\"contentUrl\":\"https:\\\/\\\/photographic.pl\\\/wp-content\\\/uploads\\\/2020\\\/06\\\/photographic-logo-dark@.svg\",\"width\":1457,\"height\":190,\"caption\":\"photographic.pl\"},\"image\":{\"@id\":\"https:\\\/\\\/photographic.pl\\\/#\\\/schema\\\/logo\\\/image\\\/\"},\"sameAs\":[\"https:\\\/\\\/www.facebook.com\\\/FotografiaProduktowaReklamowa\",\"https:\\\/\\\/www.instagram.com\\\/photographic.pl_official\\\/\",\"https:\\\/\\\/www.linkedin.com\\\/company\\\/26187785\"]}]}<\/script>\n<!-- \/ Yoast SEO plugin. -->","yoast_head_json":{"title":"Fotografia podr\u00f3\u017cnicza - photographic.pl","description":"Andrzej Paszkowski - Fotografia krajobrazowa i podr\u00f3\u017cnicza - dope\u0142nienie profesjonalnej fotografii produktowej i reklamowej.","robots":{"index":"index","follow":"follow","max-snippet":"max-snippet:-1","max-image-preview":"max-image-preview:large","max-video-preview":"max-video-preview:-1"},"canonical":"https:\/\/photographic.pl\/en\/portfolio\/travel\/","og_locale":"en_GB","og_type":"article","og_title":"Fotografia podr\u00f3\u017cnicza - photographic.pl","og_description":"Andrzej Paszkowski - Fotografia krajobrazowa i podr\u00f3\u017cnicza - dope\u0142nienie profesjonalnej fotografii produktowej i reklamowej.","og_url":"https:\/\/photographic.pl\/en\/portfolio\/travel\/","og_site_name":"photographic.pl","article_publisher":"https:\/\/www.facebook.com\/FotografiaProduktowaReklamowa","article_modified_time":"2022-02-02T16:39:25+00:00","twitter_card":"summary_large_image","schema":{"@context":"https:\/\/schema.org","@graph":[{"@type":"WebPage","@id":"https:\/\/photographic.pl\/portfolio\/travel\/","url":"https:\/\/photographic.pl\/portfolio\/travel\/","name":"Fotografia podr\u00f3\u017cnicza - photographic.pl","isPartOf":{"@id":"https:\/\/photographic.pl\/#website"},"datePublished":"2022-01-27T21:18:13+00:00","dateModified":"2022-02-02T16:39:25+00:00","description":"Andrzej Paszkowski - Fotografia krajobrazowa i podr\u00f3\u017cnicza - dope\u0142nienie profesjonalnej fotografii produktowej i reklamowej.","breadcrumb":{"@id":"https:\/\/photographic.pl\/portfolio\/travel\/#breadcrumb"},"inLanguage":"en-GB","potentialAction":[{"@type":"ReadAction","target":["https:\/\/photographic.pl\/portfolio\/travel\/"]}]},{"@type":"BreadcrumbList","@id":"https:\/\/photographic.pl\/portfolio\/travel\/#breadcrumb","itemListElement":[{"@type":"ListItem","position":1,"name":"Strona g\u0142\u00f3wna","item":"https:\/\/photographic.pl\/"},{"@type":"ListItem","position":2,"name":"Fotografia podr\u00f3\u017cnicza"}]},{"@type":"WebSite","@id":"https:\/\/photographic.pl\/#website","url":"https:\/\/photographic.pl\/","name":"photographic.pl","description":"Product and Advertising Photography","publisher":{"@id":"https:\/\/photographic.pl\/#organization"},"potentialAction":[{"@type":"SearchAction","target":{"@type":"EntryPoint","urlTemplate":"https:\/\/photographic.pl\/?s={search_term_string}"},"query-input":{"@type":"PropertyValueSpecification","valueRequired":true,"valueName":"search_term_string"}}],"inLanguage":"en-GB"},{"@type":"Organization","@id":"https:\/\/photographic.pl\/#organization","name":"photographic.pl","url":"https:\/\/photographic.pl\/","logo":{"@type":"ImageObject","inLanguage":"en-GB","@id":"https:\/\/photographic.pl\/#\/schema\/logo\/image\/","url":"https:\/\/photographic.pl\/wp-content\/uploads\/2020\/06\/photographic-logo-dark@.svg","contentUrl":"https:\/\/photographic.pl\/wp-content\/uploads\/2020\/06\/photographic-logo-dark@.svg","width":1457,"height":190,"caption":"photographic.pl"},"image":{"@id":"https:\/\/photographic.pl\/#\/schema\/logo\/image\/"},"sameAs":["https:\/\/www.facebook.com\/FotografiaProduktowaReklamowa","https:\/\/www.instagram.com\/photographic.pl_official\/","https:\/\/www.linkedin.com\/company\/26187785"]}]}},"_links":{"self":[{"href":"https:\/\/photographic.pl\/en\/wp-json\/wp\/v2\/modula-gallery\/3599","targetHints":{"allow":["GET"]}}],"collection":[{"href":"https:\/\/photographic.pl\/en\/wp-json\/wp\/v2\/modula-gallery"}],"about":[{"href":"https:\/\/photographic.pl\/en\/wp-json\/wp\/v2\/types\/modula-gallery"}],"wp:attachment":[{"href":"https:\/\/photographic.pl\/en\/wp-json\/wp\/v2\/media?parent=3599"}],"curies":[{"name":"wp","href":"https:\/\/api.w.org\/{rel}","templated":true}]}}